{"id":810,"date":"2017-10-11T23:55:40","date_gmt":"2017-10-11T20:55:40","guid":{"rendered":"https:\/\/umapido.ee\/?page_id=810"},"modified":"2017-10-11T23:55:40","modified_gmt":"2017-10-11T20:55:40","slug":"peo-kava","status":"publish","type":"page","link":"https:\/\/umapido.ee\/et\/pido-2016\/peo-kava\/","title":{"rendered":"Peo kava"},"content":{"rendered":"<p><strong>Uma Pido kava<\/strong><br \/>\n<strong>IV v\u00f5rokeeline laulu- ja rahvapido Uma Pido<\/strong><br \/>\n<strong>28. mail 2016 P\u00f5lva liinan Indsikurmun<br \/>\n<\/strong><em>Pido k\u00f5n\u00f5l\u00f5s m\u00f5tsast ja v\u00e4eliisist pui\u00f5st.<\/em><\/p>\n<p><strong>Laulu tii pidol\u00f5<\/strong> aprillin-main eg\u00e4 riidi kell 18<br \/>\n<em>Rahvalaulu\u00f5dagu&#8217; inne pito Vana-V\u00f5romaa eri kotussin, kae t\u00e4psemb\u00e4lt <a href=\"https:\/\/www.facebook.com\/www.umapido.ee\/\" target=\"_blank\" rel=\"noopener\">https:\/\/www.facebook.com\/www.umapido.ee\/<\/a><\/em><\/p>\n<p><strong>8-15 UMA PIDO LAAT<\/strong> P\u00f5lva liina staadionil<br \/>\n<em>Kaupl\u00f5min\u00f5 uma kraamiga, k\u00e4sit\u00fc\u00fctar\u00f5\u2019, laadulava. <a href=\"https:\/\/umapido.ee\/wp-content\/uploads\/2017\/10\/2016_lk_e.pdf\" target=\"_blank\" rel=\"noopener\">Laada kava.<\/a><br \/>\nKaupl\u00f5jid\u00f5 kirjapandmin\u00f5 laadul\u00f5 P\u00f5lva valla kodulehe p\u00e4\u00e4l <a href=\"http:\/\/www.polva.ee\/?id=1734&amp;news_id=2488\" target=\"_blank\" rel=\"noopener\">http:\/\/www.polva.ee\/?id=1734&amp;news_id=2488<\/a><\/em><\/p>\n<p><strong>17 V\u00f5rokeelitside latsiaialatsi ja rahvalauljid\u00f5 v\u00e4iku rongik\u00e4\u00fck pidol\u00f5<br \/>\n<\/strong><em>Nakkas liikma J. Hurda m\u00e4lest\u00fcssamba mant kultuurikeskus\u00f5 l\u00e4hk\u00fcst.<\/em><\/p>\n<p><strong>18 UMA PIDO p\u00e4\u00e4konts\u00f5rt<\/strong> Indsikurmu laululava p\u00e4\u00e4l<br \/>\n<em>Publikul\u00f5 om Indsikurmu vallal\u00f5 jo kell 17!<br \/>\n<\/em><strong>\u00dcten l\u00f6\u00f6v\u00e4\u2019<br \/>\n<\/strong>3200 suurt ja v\u00e4ikeist lauljat<br \/>\nTandsupundi\u2019 Kagu Kabujalak\u00f5s\u00f5\u2019 ja Mandariini\u2019<br \/>\nSolisti\u2019 Meelika Hainsoo ja Kulno Malva<br \/>\nFolklooripunt K\u00e4okir\u00e4s<br \/>\nUma Pido saat\u00f5orkestri Riivo J\u00f5gi iistv\u00f5tmis\u00f5l<br \/>\nJa k\u00f5ik rahvas, ki\u00e4 Indsikurmu kokko tul\u00f5<br \/>\nM\u00f5tsast v\u00f5i tulla\u2019 ka M\u00d5TSALIISI!<\/p>\n<p><strong>Pido jakkus SIMMANIGA!<\/strong><br \/>\n<strong>M\u00e4ng TOOMAS-HENRIK<\/strong><br \/>\n(Toomas Ojasaar, Henrik Hinrikus ja Meelis Int)<\/p>\n<p><strong>Piletiteed\u00fcs<\/strong><br \/>\nPilet Piletilevist ost\u00f5n 6 ja 4* eurot, perrepilet 15.<\/p>\n<p>Kotuss\u00f5p\u00e4\u00e4l Indsikurmun 8 ja 6* eurot, perrepilet 20.<br \/>\nPerrepildiga saava\u2019 sisse kats t\u00e4\u00fcskasunut ja kari latsi (kooni 18a).<br \/>\nAlla 7a lats\u00f5\u2019 massulda.<\/p>\n<p>*Sooduspilet latsil\u00f5 (7-18a), tud\u00f5ngiil\u00f5, pension\u00e4rele.<\/p>\n","protected":false},"excerpt":{"rendered":"<p>Uma Pido kava IV v\u00f5rokeeline laulu- ja rahvapido Uma Pido 28. mail 2016 P\u00f5lva liinan Indsikurmun Pido k\u00f5n\u00f5l\u00f5s m\u00f5tsast ja v\u00e4eliisist pui\u00f5st. Laulu tii pidol\u00f5 aprillin-main eg\u00e4 riidi kell 18 Rahvalaulu\u00f5dagu&#8217; inne pito Vana-V\u00f5romaa eri kotussin, kae t\u00e4psemb\u00e4lt https:\/\/www.facebook.com\/www.umapido.ee\/ 8-15 UMA PIDO LAAT P\u00f5lva liina staadionil Kaupl\u00f5min\u00f5 uma kraamiga, k\u00e4sit\u00fc\u00fctar\u00f5\u2019, laadulava. Laada kava. Kaupl\u00f5jid\u00f5 kirjapandmin\u00f5 [&hellip;]<\/p>\n","protected":false},"author":1,"featured_media":0,"parent":767,"menu_order":0,"comment_status":"closed","ping_status":"closed","template":"","meta":{"footnotes":""},"class_list":["post-810","page","type-page","status-publish","hentry"],"yoast_head":"<!-- This site is optimized with the Yoast SEO plugin v27.4 - https:\/\/yoast.com\/product\/yoast-seo-wordpress\/ -->\n<title>Peo kava - Uma Pido<\/title>\n<meta name=\"robots\" content=\"index, follow, max-snippet:-1, max-image-preview:large, max-video-preview:-1\" \/>\n<link rel=\"canonical\" href=\"https:\/\/umapido.ee\/et\/pido-2016\/peo-kava\/\" \/>\n<meta property=\"og:locale\" content=\"et_EE\" \/>\n<meta property=\"og:type\" content=\"article\" \/>\n<meta property=\"og:title\" content=\"Peo kava - Uma Pido\" \/>\n<meta property=\"og:description\" content=\"Uma Pido kava IV v\u00f5rokeeline laulu- ja rahvapido Uma Pido 28. mail 2016 P\u00f5lva liinan Indsikurmun Pido k\u00f5n\u00f5l\u00f5s m\u00f5tsast ja v\u00e4eliisist pui\u00f5st. Laulu tii pidol\u00f5 aprillin-main eg\u00e4 riidi kell 18 Rahvalaulu\u00f5dagu&#8217; inne pito Vana-V\u00f5romaa eri kotussin, kae t\u00e4psemb\u00e4lt https:\/\/www.facebook.com\/www.umapido.ee\/ 8-15 UMA PIDO LAAT P\u00f5lva liina staadionil Kaupl\u00f5min\u00f5 uma kraamiga, k\u00e4sit\u00fc\u00fctar\u00f5\u2019, laadulava. Laada kava. Kaupl\u00f5jid\u00f5 kirjapandmin\u00f5 [&hellip;]\" \/>\n<meta property=\"og:url\" content=\"https:\/\/umapido.ee\/et\/pido-2016\/peo-kava\/\" \/>\n<meta property=\"og:site_name\" content=\"Uma Pido\" \/>\n<meta property=\"article:publisher\" content=\"https:\/\/www.facebook.com\/UmaPido-278039651663\/\" \/>\n<meta name=\"twitter:card\" content=\"summary_large_image\" \/>\n<meta name=\"twitter:label1\" content=\"Est. reading time\" \/>\n\t<meta name=\"twitter:data1\" content=\"1 minut\" \/>\n<script type=\"application\/ld+json\" class=\"yoast-schema-graph\">{\"@context\":\"https:\\\/\\\/schema.org\",\"@graph\":[{\"@type\":\"WebPage\",\"@id\":\"https:\\\/\\\/umapido.ee\\\/et\\\/pido-2016\\\/peo-kava\\\/\",\"url\":\"https:\\\/\\\/umapido.ee\\\/et\\\/pido-2016\\\/peo-kava\\\/\",\"name\":\"Peo kava - Uma Pido\",\"isPartOf\":{\"@id\":\"https:\\\/\\\/umapido.ee\\\/#website\"},\"datePublished\":\"2017-10-11T20:55:40+00:00\",\"breadcrumb\":{\"@id\":\"https:\\\/\\\/umapido.ee\\\/et\\\/pido-2016\\\/peo-kava\\\/#breadcrumb\"},\"inLanguage\":\"et\",\"potentialAction\":[{\"@type\":\"ReadAction\",\"target\":[\"https:\\\/\\\/umapido.ee\\\/et\\\/pido-2016\\\/peo-kava\\\/\"]}]},{\"@type\":\"BreadcrumbList\",\"@id\":\"https:\\\/\\\/umapido.ee\\\/et\\\/pido-2016\\\/peo-kava\\\/#breadcrumb\",\"itemListElement\":[{\"@type\":\"ListItem\",\"position\":1,\"name\":\"Home\",\"item\":\"https:\\\/\\\/umapido.ee\\\/et\\\/\"},{\"@type\":\"ListItem\",\"position\":2,\"name\":\"Pido 2016\",\"item\":\"https:\\\/\\\/umapido.ee\\\/et\\\/pido-2016\\\/\"},{\"@type\":\"ListItem\",\"position\":3,\"name\":\"Peo kava\"}]},{\"@type\":\"WebSite\",\"@id\":\"https:\\\/\\\/umapido.ee\\\/#website\",\"url\":\"https:\\\/\\\/umapido.ee\\\/\",\"name\":\"Uma Pido\",\"description\":\"V\u00f5rokeeline laulu- ja rahvapido\",\"potentialAction\":[{\"@type\":\"SearchAction\",\"target\":{\"@type\":\"EntryPoint\",\"urlTemplate\":\"https:\\\/\\\/umapido.ee\\\/?s={search_term_string}\"},\"query-input\":{\"@type\":\"PropertyValueSpecification\",\"valueRequired\":true,\"valueName\":\"search_term_string\"}}],\"inLanguage\":\"et\"}]}<\/script>\n<!-- \/ Yoast SEO plugin. -->","yoast_head_json":{"title":"Peo kava - Uma Pido","robots":{"index":"index","follow":"follow","max-snippet":"max-snippet:-1","max-image-preview":"max-image-preview:large","max-video-preview":"max-video-preview:-1"},"canonical":"https:\/\/umapido.ee\/et\/pido-2016\/peo-kava\/","og_locale":"et_EE","og_type":"article","og_title":"Peo kava - Uma Pido","og_description":"Uma Pido kava IV v\u00f5rokeeline laulu- ja rahvapido Uma Pido 28. mail 2016 P\u00f5lva liinan Indsikurmun Pido k\u00f5n\u00f5l\u00f5s m\u00f5tsast ja v\u00e4eliisist pui\u00f5st. Laulu tii pidol\u00f5 aprillin-main eg\u00e4 riidi kell 18 Rahvalaulu\u00f5dagu&#8217; inne pito Vana-V\u00f5romaa eri kotussin, kae t\u00e4psemb\u00e4lt https:\/\/www.facebook.com\/www.umapido.ee\/ 8-15 UMA PIDO LAAT P\u00f5lva liina staadionil Kaupl\u00f5min\u00f5 uma kraamiga, k\u00e4sit\u00fc\u00fctar\u00f5\u2019, laadulava. Laada kava. Kaupl\u00f5jid\u00f5 kirjapandmin\u00f5 [&hellip;]","og_url":"https:\/\/umapido.ee\/et\/pido-2016\/peo-kava\/","og_site_name":"Uma Pido","article_publisher":"https:\/\/www.facebook.com\/UmaPido-278039651663\/","twitter_card":"summary_large_image","twitter_misc":{"Est. reading time":"1 minut"},"schema":{"@context":"https:\/\/schema.org","@graph":[{"@type":"WebPage","@id":"https:\/\/umapido.ee\/et\/pido-2016\/peo-kava\/","url":"https:\/\/umapido.ee\/et\/pido-2016\/peo-kava\/","name":"Peo kava - Uma Pido","isPartOf":{"@id":"https:\/\/umapido.ee\/#website"},"datePublished":"2017-10-11T20:55:40+00:00","breadcrumb":{"@id":"https:\/\/umapido.ee\/et\/pido-2016\/peo-kava\/#breadcrumb"},"inLanguage":"et","potentialAction":[{"@type":"ReadAction","target":["https:\/\/umapido.ee\/et\/pido-2016\/peo-kava\/"]}]},{"@type":"BreadcrumbList","@id":"https:\/\/umapido.ee\/et\/pido-2016\/peo-kava\/#breadcrumb","itemListElement":[{"@type":"ListItem","position":1,"name":"Home","item":"https:\/\/umapido.ee\/et\/"},{"@type":"ListItem","position":2,"name":"Pido 2016","item":"https:\/\/umapido.ee\/et\/pido-2016\/"},{"@type":"ListItem","position":3,"name":"Peo kava"}]},{"@type":"WebSite","@id":"https:\/\/umapido.ee\/#website","url":"https:\/\/umapido.ee\/","name":"Uma Pido","description":"V\u00f5rokeeline laulu- ja rahvapido","potentialAction":[{"@type":"SearchAction","target":{"@type":"EntryPoint","urlTemplate":"https:\/\/umapido.ee\/?s={search_term_string}"},"query-input":{"@type":"PropertyValueSpecification","valueRequired":true,"valueName":"search_term_string"}}],"inLanguage":"et"}]}},"_links":{"self":[{"href":"https:\/\/umapido.ee\/et\/wp-json\/wp\/v2\/pages\/810","targetHints":{"allow":["GET"]}}],"collection":[{"href":"https:\/\/umapido.ee\/et\/wp-json\/wp\/v2\/pages"}],"about":[{"href":"https:\/\/umapido.ee\/et\/wp-json\/wp\/v2\/types\/page"}],"author":[{"embeddable":true,"href":"https:\/\/umapido.ee\/et\/wp-json\/wp\/v2\/users\/1"}],"replies":[{"embeddable":true,"href":"https:\/\/umapido.ee\/et\/wp-json\/wp\/v2\/comments?post=810"}],"version-history":[{"count":1,"href":"https:\/\/umapido.ee\/et\/wp-json\/wp\/v2\/pages\/810\/revisions"}],"predecessor-version":[{"id":812,"href":"https:\/\/umapido.ee\/et\/wp-json\/wp\/v2\/pages\/810\/revisions\/812"}],"up":[{"embeddable":true,"href":"https:\/\/umapido.ee\/et\/wp-json\/wp\/v2\/pages\/767"}],"wp:attachment":[{"href":"https:\/\/umapido.ee\/et\/wp-json\/wp\/v2\/media?parent=810"}],"curies":[{"name":"wp","href":"https:\/\/api.w.org\/{rel}","templated":true}]}}