{"id":696,"date":"2017-10-11T15:45:19","date_gmt":"2017-10-11T12:45:19","guid":{"rendered":"https:\/\/umapido.ee\/?page_id=696"},"modified":"2017-11-20T09:32:18","modified_gmt":"2017-11-20T07:32:18","slug":"uudised","status":"publish","type":"page","link":"https:\/\/umapido.ee\/et\/pido-2013\/uudised\/","title":{"rendered":"Uudised"},"content":{"rendered":"<p><strong>Kolmanda Uma Pido DVD on valmis!<\/strong> Kahe plaadi peal saab n\u00e4ha peoeelseid tegemisi ja peakontserti. Topelt-DVD hind on 6 eurot ja seda saab osta V\u00f5ru Instituudist, Tartu 48, V\u00f5ru.<\/p>\n<p>Lisainfo Jan Rahman, &#x6a;&#97;&#x6e;&#x40;&#119;&#x69;&#x2e;&#119;&#x65;&#x72;&#114;&#x6f;&#x2e;e&#x65;, 56492686<\/p>\n<p><a href=\"https:\/\/umapido.ee\/wp-content\/uploads\/2017\/10\/kutse_plakat_a3_v.pdf\" target=\"_blank\" rel=\"noopener\">III Uma Pido DVD esitlus on 20. novembril 2013 R\u00e4pinas!<\/a><\/p>\n<p>Vaata Uma Pido pilte.<\/p>\n<p><a href=\"https:\/\/umapido.ee\/wp-content\/uploads\/2017\/10\/u_05_13_e.pdf\" target=\"_blank\" rel=\"noopener\">V\u00f5rokeelsest laulupeost Uma Pido v\u00f5ttis osa 8100 inimest<\/a><\/p>\n<p><a href=\"https:\/\/umapido.ee\/wp-content\/uploads\/2017\/10\/u_4_13_e.pdf\" target=\"_blank\" rel=\"noopener\">Pidup\u00e4evaeelne pressiteade<\/a><\/p>\n<p><a href=\"https:\/\/umapido.ee\/wp-content\/uploads\/2017\/10\/lipujooksualgus.pdf\" target=\"_blank\" rel=\"noopener\">Contra alustas 334 kilomeetri pikkust lipujooksu<\/a><\/p>\n<p>Kivi aitab ikka! Vaata R\u00f5uge TV tehtud klippe: <a href=\"http:\/\/www.youtube.com\/watch?v=5SBrpR6jSHQ\" target=\"_blank\" rel=\"noopener\">1) uks<\/a>, <a href=\"http:\/\/www.youtube.com\/watch?v=H6qS6NsvI38\" target=\"_blank\" rel=\"noopener\">2) leil<\/a>, <a href=\"http:\/\/www.youtube.com\/watch?v=bFhXvkXtH-I\" target=\"_blank\" rel=\"noopener\">3) lill<\/a>.<\/p>\n<p>III Uma Pido sai endale n\u00e4o! <a href=\"https:\/\/umapido.ee\/wp-content\/uploads\/2017\/10\/2013plakat1.pdf\" target=\"_blank\" rel=\"noopener\">Plakat 1<\/a> ja <a href=\"https:\/\/umapido.ee\/wp-content\/uploads\/2017\/10\/2013plakat2.pdf\" target=\"_blank\" rel=\"noopener\">plakat 2<\/a>.<\/p>\n<p><a href=\"https:\/\/umapido.ee\/wp-content\/uploads\/2017\/10\/u_03_13_e.pdf\" target=\"_blank\" rel=\"noopener\">V\u00f5rukeste lipp jookseb Contraga l\u00e4bi Vana V\u00f5romaa!<\/a> Veel saab jooksust lugeda <a href=\"http:\/\/konnulacontra.wordpress.com\/\" target=\"_blank\" rel=\"noopener\">Contra blogist<\/a>. <a href=\"http:\/\/lipujooks.tracklog.us\/\" target=\"_blank\" rel=\"noopener\">Lipujooksu koduleht<\/a>.<\/p>\n<p><a href=\"https:\/\/umapido.ee\/wp-content\/uploads\/2017\/10\/u_2_13_e.pdf\" target=\"_blank\" rel=\"noopener\">Uma Laul III. Kolmas korje v\u00f5rukeelsesse lauluk\u00e4rge<\/a><\/p>\n<p><a href=\"https:\/\/umapido.ee\/wp-content\/uploads\/2017\/10\/u_01_13.pdf\" target=\"_blank\" rel=\"noopener\">Peole on registreerunud 3600 lauljat<\/a><\/p>\n<p><a href=\"https:\/\/umapido.ee\/wp-content\/uploads\/2017\/10\/u_12_08_e.pdf\" target=\"_blank\" rel=\"noopener\">III Uma Pido kutsub taas k\u00f5iki konnakoore laulma!<\/a><\/p>\n<p><a href=\"http:\/\/umapido.wordpress.com\/2012\/10\/31\/ketra-liiso\/\" target=\"_blank\" rel=\"noopener\">III Uma Pido rahvalaulud.<\/a><\/p>\n<p><a href=\"https:\/\/umapido.ee\/wp-content\/uploads\/2017\/10\/u_12_07_e.pdf\" target=\"_blank\" rel=\"noopener\">Uma Pido kutsub taas naisi nurm\u00f5st ja miihi m\u00f5tsast laulma!<\/a><\/p>\n<p><a href=\"https:\/\/umapido.ee\/wp-content\/uploads\/2017\/10\/u_12_06_e.pdf\" target=\"_blank\" rel=\"noopener\">III Uma Pido koorijuhtide koolitus P\u00f5lvas ja V\u00f5rus.<\/a><\/p>\n<p><a href=\"https:\/\/umapido.ee\/wp-content\/uploads\/2017\/10\/u_12_05_e.pdf\" target=\"_blank\" rel=\"noopener\">Valmis on III Uma Pido laulikud.<\/a> Laste noodivihiku <a href=\"https:\/\/umapido.ee\/wp-content\/uploads\/2017\/10\/latsi_lauluvihk_kaas.pdf\" target=\"_blank\" rel=\"noopener\">kaanepilt<\/a>. Suurte noodivihiku <a href=\"https:\/\/umapido.ee\/wp-content\/uploads\/2017\/10\/suuri_lauluvihk_kaas.pdf\" target=\"_blank\" rel=\"noopener\">kaanepilt<\/a>.<\/p>\n<p><a href=\"https:\/\/umapido.ee\/wp-content\/uploads\/2017\/10\/u_12_04_e.pdf\" target=\"_blank\" rel=\"noopener\">Algab registreerumine III Uma Pidole.<\/a><\/p>\n<p><a href=\"https:\/\/umapido.ee\/wp-content\/uploads\/2017\/10\/u_12_03_e.pdf\" target=\"_blank\" rel=\"noopener\">Emakeelep\u00e4eva kontsert 18. m\u00e4rtsil V\u00f5ru kultuurimajas Kannel<\/a>. Kontserdi <a href=\"https:\/\/umapido.ee\/wp-content\/uploads\/2017\/10\/kplakat.jpg\" target=\"_blank\" rel=\"noopener\" data-rel=\"lightbox-image-0\" data-rl_title=\"\" data-rl_caption=\"\" title=\"\">plakat<\/a>.<\/p>\n<p><a href=\"https:\/\/umapido.ee\/wp-content\/uploads\/2017\/10\/u_12_02_ev.pdf\" target=\"_blank\" rel=\"noopener\">Oodatakse III Uma Pido videosalvestamise korraldamise hinnapakkumisi.<\/a><\/p>\n<p><a href=\"https:\/\/umapido.ee\/wp-content\/uploads\/2017\/10\/u_12_01_ev.pdf\" target=\"_blank\" rel=\"noopener\">Oodatakse III Uma Pido heliv\u00f5imenduse korraldamise hinnapakkumisi.<\/a><\/p>\n<p><a href=\"https:\/\/umapido.ee\/wp-content\/uploads\/2017\/10\/u_11_04_e.pdf\" target=\"_blank\" rel=\"noopener\">V\u00f5rukeelsete koorilaulude ja -seadete konkursi tulemused ja autasustamine.<\/a><\/p>\n<p><a href=\"https:\/\/umapido.ee\/wp-content\/uploads\/2017\/10\/u_11_03_e.pdf\" target=\"_blank\" rel=\"noopener\">V\u00f5rukeelsete koorilaulude ja \u2013seadete konkursile laekus 27 t\u00f6\u00f6d.<\/a><\/p>\n<p><a href=\"https:\/\/umapido.ee\/wp-content\/uploads\/2017\/10\/u_11_02_e.pdf\" target=\"_blank\" rel=\"noopener\">Kolmanda Uma Pido lavastaja on Tarmo Tagamets.<\/a><\/p>\n<p><a href=\"https:\/\/umapido.ee\/wp-content\/uploads\/2017\/10\/001_e.pdf\" target=\"_blank\" rel=\"noopener\">Uma Pido lavastaja konkurss.<\/a><\/p>\n<p><a href=\"https:\/\/umapido.ee\/wp-content\/uploads\/2017\/10\/u_11_01_e.pdf\" target=\"_blank\" rel=\"noopener\">II v\u00f5rukeelsete koorilaulude ja -seadete konkurss.<\/a><\/p>\n<p><a href=\"https:\/\/umapido.ee\/wp-content\/uploads\/2017\/10\/v_35.pdf\" target=\"_blank\" rel=\"noopener\">Osta saab II Uma Pido DVD-d.<\/a><\/p>\n<p><a href=\"https:\/\/umapido.ee\/wp-content\/uploads\/2017\/10\/e_33.pdf\" target=\"_blank\" rel=\"noopener\">V\u00f5ru Instituudist saab II Uma Pido s\u00e4rke, plakateid, kavavihikuid.<\/a> Vaata, millised plakatid v\u00e4lja n\u00e4evad: <a href=\"https:\/\/umapido.ee\/wp-content\/uploads\/2017\/10\/a4_2010.pdf\" target=\"_blank\" rel=\"noopener\">A4 plakat<\/a>, <a href=\"https:\/\/umapido.ee\/wp-content\/uploads\/2017\/10\/a2_2010.pdf\" target=\"_blank\" rel=\"noopener\">A2 plakat<\/a>, <a href=\"https:\/\/umapido.ee\/wp-content\/uploads\/2017\/10\/bussipeatuse_plakat.pdf\" target=\"_blank\" rel=\"noopener\">bussipeatuse plakat<\/a>.<\/p>\n","protected":false},"excerpt":{"rendered":"<p>Kolmanda Uma Pido DVD on valmis! Kahe plaadi peal saab n\u00e4ha peoeelseid tegemisi ja peakontserti. Topelt-DVD hind on 6 eurot ja seda saab osta V\u00f5ru Instituudist, Tartu 48, V\u00f5ru. Lisainfo Jan Rahman, &#x6a;&#x61;&#x6e;&#x40;&#x77;&#x69;&#x2e;&#x77;&#x65;&#x72;&#x72;&#x6f;&#x2e;&#x65;&#101;, 56492686 III Uma Pido DVD esitlus on 20. novembril 2013 R\u00e4pinas! Vaata Uma Pido pilte. V\u00f5rokeelsest laulupeost Uma Pido v\u00f5ttis osa 8100 [&hellip;]<\/p>\n","protected":false},"author":1,"featured_media":0,"parent":693,"menu_order":0,"comment_status":"closed","ping_status":"closed","template":"","meta":{"footnotes":""},"class_list":["post-696","page","type-page","status-publish","hentry"],"yoast_head":"<!-- This site is optimized with the Yoast SEO plugin v27.4 - https:\/\/yoast.com\/product\/yoast-seo-wordpress\/ -->\n<title>Uudised - Uma Pido<\/title>\n<meta name=\"robots\" content=\"index, follow, max-snippet:-1, max-image-preview:large, max-video-preview:-1\" \/>\n<link rel=\"canonical\" href=\"https:\/\/umapido.ee\/et\/pido-2013\/uudised\/\" \/>\n<meta property=\"og:locale\" content=\"et_EE\" \/>\n<meta property=\"og:type\" content=\"article\" \/>\n<meta property=\"og:title\" content=\"Uudised - Uma Pido\" \/>\n<meta property=\"og:description\" content=\"Kolmanda Uma Pido DVD on valmis! Kahe plaadi peal saab n\u00e4ha peoeelseid tegemisi ja peakontserti. Topelt-DVD hind on 6 eurot ja seda saab osta V\u00f5ru Instituudist, Tartu 48, V\u00f5ru. Lisainfo Jan Rahman, &#106;&#x61;n&#064;&#x77;i&#046;&#x77;e&#114;&#x72;o&#046;&#x65;&#101;, 56492686 III Uma Pido DVD esitlus on 20. novembril 2013 R\u00e4pinas! Vaata Uma Pido pilte. V\u00f5rokeelsest laulupeost Uma Pido v\u00f5ttis osa 8100 [&hellip;]\" \/>\n<meta property=\"og:url\" content=\"https:\/\/umapido.ee\/et\/pido-2013\/uudised\/\" \/>\n<meta property=\"og:site_name\" content=\"Uma Pido\" \/>\n<meta property=\"article:publisher\" content=\"https:\/\/www.facebook.com\/UmaPido-278039651663\/\" \/>\n<meta property=\"article:modified_time\" content=\"2017-11-20T07:32:18+00:00\" \/>\n<meta name=\"twitter:card\" content=\"summary_large_image\" \/>\n<meta name=\"twitter:label1\" content=\"Est. reading time\" \/>\n\t<meta name=\"twitter:data1\" content=\"1 minut\" \/>\n<script type=\"application\/ld+json\" class=\"yoast-schema-graph\">{\"@context\":\"https:\\\/\\\/schema.org\",\"@graph\":[{\"@type\":\"WebPage\",\"@id\":\"https:\\\/\\\/umapido.ee\\\/et\\\/pido-2013\\\/uudised\\\/\",\"url\":\"https:\\\/\\\/umapido.ee\\\/et\\\/pido-2013\\\/uudised\\\/\",\"name\":\"Uudised - Uma Pido\",\"isPartOf\":{\"@id\":\"https:\\\/\\\/umapido.ee\\\/#website\"},\"datePublished\":\"2017-10-11T12:45:19+00:00\",\"dateModified\":\"2017-11-20T07:32:18+00:00\",\"breadcrumb\":{\"@id\":\"https:\\\/\\\/umapido.ee\\\/et\\\/pido-2013\\\/uudised\\\/#breadcrumb\"},\"inLanguage\":\"et\",\"potentialAction\":[{\"@type\":\"ReadAction\",\"target\":[\"https:\\\/\\\/umapido.ee\\\/et\\\/pido-2013\\\/uudised\\\/\"]}]},{\"@type\":\"BreadcrumbList\",\"@id\":\"https:\\\/\\\/umapido.ee\\\/et\\\/pido-2013\\\/uudised\\\/#breadcrumb\",\"itemListElement\":[{\"@type\":\"ListItem\",\"position\":1,\"name\":\"Home\",\"item\":\"https:\\\/\\\/umapido.ee\\\/et\\\/\"},{\"@type\":\"ListItem\",\"position\":2,\"name\":\"Pido 2013\",\"item\":\"https:\\\/\\\/umapido.ee\\\/et\\\/pido-2013\\\/\"},{\"@type\":\"ListItem\",\"position\":3,\"name\":\"Uudised\"}]},{\"@type\":\"WebSite\",\"@id\":\"https:\\\/\\\/umapido.ee\\\/#website\",\"url\":\"https:\\\/\\\/umapido.ee\\\/\",\"name\":\"Uma Pido\",\"description\":\"V\u00f5rokeeline laulu- ja rahvapido\",\"potentialAction\":[{\"@type\":\"SearchAction\",\"target\":{\"@type\":\"EntryPoint\",\"urlTemplate\":\"https:\\\/\\\/umapido.ee\\\/?s={search_term_string}\"},\"query-input\":{\"@type\":\"PropertyValueSpecification\",\"valueRequired\":true,\"valueName\":\"search_term_string\"}}],\"inLanguage\":\"et\"}]}<\/script>\n<!-- \/ Yoast SEO plugin. -->","yoast_head_json":{"title":"Uudised - Uma Pido","robots":{"index":"index","follow":"follow","max-snippet":"max-snippet:-1","max-image-preview":"max-image-preview:large","max-video-preview":"max-video-preview:-1"},"canonical":"https:\/\/umapido.ee\/et\/pido-2013\/uudised\/","og_locale":"et_EE","og_type":"article","og_title":"Uudised - Uma Pido","og_description":"Kolmanda Uma Pido DVD on valmis! Kahe plaadi peal saab n\u00e4ha peoeelseid tegemisi ja peakontserti. Topelt-DVD hind on 6 eurot ja seda saab osta V\u00f5ru Instituudist, Tartu 48, V\u00f5ru. Lisainfo Jan Rahman, &#106;&#x61;n&#64;&#x77;i&#46;&#x77;e&#114;&#x72;o&#46;&#x65;&#101;, 56492686 III Uma Pido DVD esitlus on 20. novembril 2013 R\u00e4pinas! Vaata Uma Pido pilte. V\u00f5rokeelsest laulupeost Uma Pido v\u00f5ttis osa 8100 [&hellip;]","og_url":"https:\/\/umapido.ee\/et\/pido-2013\/uudised\/","og_site_name":"Uma Pido","article_publisher":"https:\/\/www.facebook.com\/UmaPido-278039651663\/","article_modified_time":"2017-11-20T07:32:18+00:00","twitter_card":"summary_large_image","twitter_misc":{"Est. reading time":"1 minut"},"schema":{"@context":"https:\/\/schema.org","@graph":[{"@type":"WebPage","@id":"https:\/\/umapido.ee\/et\/pido-2013\/uudised\/","url":"https:\/\/umapido.ee\/et\/pido-2013\/uudised\/","name":"Uudised - Uma Pido","isPartOf":{"@id":"https:\/\/umapido.ee\/#website"},"datePublished":"2017-10-11T12:45:19+00:00","dateModified":"2017-11-20T07:32:18+00:00","breadcrumb":{"@id":"https:\/\/umapido.ee\/et\/pido-2013\/uudised\/#breadcrumb"},"inLanguage":"et","potentialAction":[{"@type":"ReadAction","target":["https:\/\/umapido.ee\/et\/pido-2013\/uudised\/"]}]},{"@type":"BreadcrumbList","@id":"https:\/\/umapido.ee\/et\/pido-2013\/uudised\/#breadcrumb","itemListElement":[{"@type":"ListItem","position":1,"name":"Home","item":"https:\/\/umapido.ee\/et\/"},{"@type":"ListItem","position":2,"name":"Pido 2013","item":"https:\/\/umapido.ee\/et\/pido-2013\/"},{"@type":"ListItem","position":3,"name":"Uudised"}]},{"@type":"WebSite","@id":"https:\/\/umapido.ee\/#website","url":"https:\/\/umapido.ee\/","name":"Uma Pido","description":"V\u00f5rokeeline laulu- ja rahvapido","potentialAction":[{"@type":"SearchAction","target":{"@type":"EntryPoint","urlTemplate":"https:\/\/umapido.ee\/?s={search_term_string}"},"query-input":{"@type":"PropertyValueSpecification","valueRequired":true,"valueName":"search_term_string"}}],"inLanguage":"et"}]}},"_links":{"self":[{"href":"https:\/\/umapido.ee\/et\/wp-json\/wp\/v2\/pages\/696","targetHints":{"allow":["GET"]}}],"collection":[{"href":"https:\/\/umapido.ee\/et\/wp-json\/wp\/v2\/pages"}],"about":[{"href":"https:\/\/umapido.ee\/et\/wp-json\/wp\/v2\/types\/page"}],"author":[{"embeddable":true,"href":"https:\/\/umapido.ee\/et\/wp-json\/wp\/v2\/users\/1"}],"replies":[{"embeddable":true,"href":"https:\/\/umapido.ee\/et\/wp-json\/wp\/v2\/comments?post=696"}],"version-history":[{"count":2,"href":"https:\/\/umapido.ee\/et\/wp-json\/wp\/v2\/pages\/696\/revisions"}],"predecessor-version":[{"id":925,"href":"https:\/\/umapido.ee\/et\/wp-json\/wp\/v2\/pages\/696\/revisions\/925"}],"up":[{"embeddable":true,"href":"https:\/\/umapido.ee\/et\/wp-json\/wp\/v2\/pages\/693"}],"wp:attachment":[{"href":"https:\/\/umapido.ee\/et\/wp-json\/wp\/v2\/media?parent=696"}],"curies":[{"name":"wp","href":"https:\/\/api.w.org\/{rel}","templated":true}]}}